
{"id":2298,"date":"2019-09-18T16:54:21","date_gmt":"2019-09-18T16:54:21","guid":{"rendered":"https:\/\/ovillosyconos.com\/?page_id=2298"},"modified":"2019-11-15T17:35:27","modified_gmt":"2019-11-15T17:35:27","slug":"banda-sanitaria-alimentex","status":"publish","type":"page","link":"https:\/\/oyc.lat\/en\/banda-sanitaria-alimentex\/","title":{"rendered":"BANDA SANITARIA ALIMENTEX"},"content":{"rendered":"<div class=\"wpb-content-wrapper\"><p>[vc_row][vc_column][vc_single_image image=&#8221;2494&#8243; img_size=&#8221;full&#8221; alignment=&#8221;center&#8221;][\/vc_column][\/vc_row][vc_row][vc_column width=&#8221;1\/2&#8243;][vc_column_text]<span style=\"font-size: 14pt;\">ATENCI\u00d3N PERSONALIZADA- Contamos personal para atender tus necesidades de transportaci\u00f3n con la calidad y el mejor servicio.<\/span><\/p>\n<p><span style=\"font-size: 14pt;\">PERSONAL EXPERTO \u2013\u00a0 Nuestro personal capacitado para\u00a0dar soluciones de acuerdo a tu producci\u00f3n y necesidades espec\u00edficas, adem\u00e1s de beneficios \u00fanicos que optimizan tus procesos de fabricaci\u00f3n. innovaci\u00f3n, calidad y servicio en tus manos.<\/span><\/p>\n<ul>\n<li><span style=\"font-size: 14pt;\">Excelencia en dise\u00f1o higi\u00e9nico<\/span><\/li>\n<li><span style=\"font-size: 14pt;\">Durabilidad mejorada<\/span><\/li>\n<li><span style=\"font-size: 14pt;\">Proceso artesanal<\/span><\/li>\n<li><span style=\"font-size: 14pt;\">Personalizada a tu necesidad<\/span><\/li>\n<\/ul>\n<p>[\/vc_column_text][\/vc_column][vc_column width=&#8221;1\/2&#8243;][vc_images_carousel images=&#8221;2544,2539,1793,1653&#8243; img_size=&#8221;500X300&#8243; speed=&#8221;980&#8243; autoplay=&#8221;yes&#8221; wrap=&#8221;yes&#8221;][\/vc_column][\/vc_row]<\/p>\n<\/div>","protected":false},"excerpt":{"rendered":"<p>[vc_row][vc_column][vc_single_image image=&#8221;2494&#8243; img_size=&#8221;full&#8221; alignment=&#8221;center&#8221;][\/vc_column][\/vc_row][vc_row][vc_column width=&#8221;1\/2&#8243;][vc_column_text]ATENCI\u00d3N PERSONALIZADA- Contamos personal para atender tus necesidades de transportaci\u00f3n con la calidad y el mejor servicio. PERSONAL EXPERTO \u2013\u00a0 Nuestro personal capacitado para\u00a0dar soluciones de [&hellip;]<\/p>\n","protected":false},"author":2,"featured_media":0,"parent":0,"menu_order":0,"comment_status":"closed","ping_status":"closed","template":"","meta":{"footnotes":""},"aioseo_notices":[],"_links":{"self":[{"href":"https:\/\/oyc.lat\/en\/wp-json\/wp\/v2\/pages\/2298"}],"collection":[{"href":"https:\/\/oyc.lat\/en\/wp-json\/wp\/v2\/pages"}],"about":[{"href":"https:\/\/oyc.lat\/en\/wp-json\/wp\/v2\/types\/page"}],"author":[{"embeddable":true,"href":"https:\/\/oyc.lat\/en\/wp-json\/wp\/v2\/users\/2"}],"replies":[{"embeddable":true,"href":"https:\/\/oyc.lat\/en\/wp-json\/wp\/v2\/comments?post=2298"}],"version-history":[{"count":14,"href":"https:\/\/oyc.lat\/en\/wp-json\/wp\/v2\/pages\/2298\/revisions"}],"predecessor-version":[{"id":2305,"href":"https:\/\/oyc.lat\/en\/wp-json\/wp\/v2\/pages\/2298\/revisions\/2305"}],"wp:attachment":[{"href":"https:\/\/oyc.lat\/en\/wp-json\/wp\/v2\/media?parent=2298"}],"curies":[{"name":"wp","href":"https:\/\/api.w.org\/{rel}","templated":true}]}}